{"id":3235,"date":"2023-03-06T10:16:33","date_gmt":"2023-03-06T10:16:33","guid":{"rendered":"https:\/\/hebridespeople.com\/?page_id=3235"},"modified":"2025-09-09T11:17:44","modified_gmt":"2025-09-09T11:17:44","slug":"about-hebrides-people","status":"publish","type":"page","link":"https:\/\/hebridespeople.com\/gd\/about-hebrides-people\/","title":{"rendered":"Mu Dheidhinn Hebrides People"},"content":{"rendered":"<figure class=\"wp-block-gallery has-nested-images columns-default is-cropped eplus-wrapper wp-block-gallery-1 is-layout-flex wp-block-gallery-is-layout-flex\">\n<figure class=\"wp-block-image size-large has-custom-border eplus-wrapper\"><a href=\"https:\/\/hebridespeople.com\/wp-content\/uploads\/2023\/03\/Seallam48-1024x682-1.jpg\"><img loading=\"lazy\" decoding=\"async\" width=\"1024\" height=\"682\" data-id=\"5436\" src=\"https:\/\/hebridespeople.com\/wp-content\/uploads\/2023\/03\/Seallam48-1024x682-1.jpg\" alt=\"\" class=\"wp-image-5436\" style=\"border-radius:0px\" srcset=\"https:\/\/hebridespeople.com\/wp-content\/uploads\/2023\/03\/Seallam48-1024x682-1.jpg 1024w, https:\/\/hebridespeople.com\/wp-content\/uploads\/2023\/03\/Seallam48-1024x682-1-600x400.jpg 600w, https:\/\/hebridespeople.com\/wp-content\/uploads\/2023\/03\/Seallam48-1024x682-1-300x200.jpg 300w, https:\/\/hebridespeople.com\/wp-content\/uploads\/2023\/03\/Seallam48-1024x682-1-768x512.jpg 768w, https:\/\/hebridespeople.com\/wp-content\/uploads\/2023\/03\/Seallam48-1024x682-1-18x12.jpg 18w, https:\/\/hebridespeople.com\/wp-content\/uploads\/2023\/03\/Seallam48-1024x682-1-96x64.jpg 96w, https:\/\/hebridespeople.com\/wp-content\/uploads\/2023\/03\/Seallam48-1024x682-1-128x85.jpg 128w\" sizes=\"auto, (max-width: 1024px) 100vw, 1024px\" \/><\/a><\/figure>\n\n\n\n<figure class=\"wp-block-image size-large has-custom-border eplus-wrapper\"><a href=\"https:\/\/hebridespeople.com\/wp-content\/uploads\/2023\/05\/FB_IMG_1498132874313-e1685117610483.jpg\"><img loading=\"lazy\" decoding=\"async\" width=\"1024\" height=\"569\" data-id=\"5718\" src=\"https:\/\/hebridespeople.com\/wp-content\/uploads\/2023\/05\/FB_IMG_1498132874313-e1685117610483-1024x569.jpg\" alt=\"\" class=\"wp-image-5718\" style=\"border-radius:0px\" srcset=\"https:\/\/hebridespeople.com\/wp-content\/uploads\/2023\/05\/FB_IMG_1498132874313-e1685117610483-1024x569.jpg 1024w, https:\/\/hebridespeople.com\/wp-content\/uploads\/2023\/05\/FB_IMG_1498132874313-e1685117610483-600x333.jpg 600w, https:\/\/hebridespeople.com\/wp-content\/uploads\/2023\/05\/FB_IMG_1498132874313-e1685117610483-300x167.jpg 300w, https:\/\/hebridespeople.com\/wp-content\/uploads\/2023\/05\/FB_IMG_1498132874313-e1685117610483-768x427.jpg 768w, https:\/\/hebridespeople.com\/wp-content\/uploads\/2023\/05\/FB_IMG_1498132874313-e1685117610483-18x10.jpg 18w, https:\/\/hebridespeople.com\/wp-content\/uploads\/2023\/05\/FB_IMG_1498132874313-e1685117610483.jpg 1440w\" sizes=\"auto, (max-width: 1024px) 100vw, 1024px\" \/><\/a><\/figure>\n<\/figure>\n\n\n\n<div class=\"wp-block-group eplus-wrapper has-tertiary-background-color has-background has-global-padding is-layout-constrained wp-container-core-group-is-layout-23b1a4dc wp-block-group-is-layout-constrained\" style=\"border-radius:0px;padding-top:var(--wp--preset--spacing--30);padding-right:var(--wp--preset--spacing--30);padding-bottom:var(--wp--preset--spacing--30);padding-left:var(--wp--preset--spacing--30)\">\n<div class=\"wp-block-group eplus-wrapper has-global-padding is-layout-constrained wp-block-group-is-layout-constrained\">\n<h1 class=\"wp-block-heading eplus-wrapper has-contrast-color has-text-color has-large-font-size\">\u2018S e goireas sloinntearachd air leth a th\u2019 ann an Hebrides People, agus tha Ionad-tadhail Hebrides People ag innse sgeulachd mhuinntir nan Eilean.<\/h1>\n\n\n\n<p class=\"eplus-wrapper\">Tha goireas sloinntearachd Hebrides People, \u2018C\u00f2 Leis Thu?\u2019, st\u00e8idhichte air c\u00f2rr is tr\u00ec-fichead bliadhna de rannsachadh a rinn Bill Lawson, aig a bheil s\u00e0r-e\u00f2las air sloinntearachd nan Eilean Siar.<\/p>\n<\/div>\n\n\n\n<p class=\"eplus-wrapper has-black-color has-text-color\">Chuir Bill Lawson air d\u00f2igh an companaidh \u2018C\u00f2 Leis Thu?\u2019 c\u00f2mhla ris a bhean Chris ann an 1988, agus dh\u2019fhosgail iad Ionad-tadhail Seallam! (a-nis Ionad-tadhail Hebrides People) ann an 2000. <\/p>\n\n\n\n<p class=\"eplus-wrapper has-black-color has-text-color\">Tha Hebrides People a-nis ann an l\u00e0mhan Urras Dualchais an Taobh Tuath, comann buannachd coimhearsnachd  le inbhe carthannais.<\/p>\n<\/div>\n\n\n\n<div class=\"wp-block-group eplus-wrapper has-tertiary-background-color has-background has-global-padding is-layout-constrained wp-container-core-group-is-layout-23b1a4dc wp-block-group-is-layout-constrained\" style=\"border-radius:0px;padding-top:var(--wp--preset--spacing--30);padding-right:var(--wp--preset--spacing--30);padding-bottom:var(--wp--preset--spacing--30);padding-left:var(--wp--preset--spacing--30)\">\n<div class=\"wp-block-group eplus-wrapper has-global-padding is-layout-constrained wp-block-group-is-layout-constrained\">\n<h2 class=\"wp-block-heading eplus-wrapper\">Ar n-Eachdraidh<\/h2>\n\n\n\n<h3 class=\"wp-block-heading eplus-wrapper\">Na bliadhnaichean tr\u00e0tha<\/h3>\n\n\n\n<p class=\"eplus-wrapper has-black-color has-text-color\">An uair a bha Bill Lawson ri cruinneachadh fiosrachadh air teaghlaichean nan Eileanan Siar, bha aige ri siostam math fhaighinn airson a chuir air paipear, a bhiodh furasta a leantainn. Bha cuideachd ceist ann air ciamar a bha e dol a dh\u00e8anamh eadar-dhealachadh eadar uiread de dhaoine leis an aon ainm. Thuig e gum feumadh e fiosrachadh a chruinneachadh air a h-uile teaghlach anns na h-Eileanan Siar, agus an uair sin an cl\u00e0radh ann an riochd chraobhan-teaghlaich. <a data-type=\"page\" data-id=\"3237\" href=\"https:\/\/hebridespeople.com\/gd\/about-hebrides-people\/bill-chris-lawson\/\" class=\"ek-link\">Faigh barrachd a-mach mu Bill an-seo<\/a>.<\/p>\n\n\n\n<h3 class=\"wp-block-heading eplus-wrapper\">An-diugh<\/h3>\n\n\n\n<p class=\"eplus-wrapper\">Tha Ionad-tadhail Hebrides People anns an Taobh Tuath le taisbeanaidhean agus b\u00f9th leabhraichean agus thiodhlacan. Tha e na dhachaigh airson st\u00f2ras \u2018Co Leis Thu?\u2019 agus tha tri\u00f9ir neach-obrach an-dr\u00e0sda. <a href=\"https:\/\/hebridespeople.com\/gd\/find-your-family\/genealogical-services\/\" data-type=\"page\" data-id=\"21\">Barrachd fiosrachaidh<\/a>.<\/p>\n\n\n\n<h3 class=\"wp-block-heading eplus-wrapper\">An \u00e0m ri teachd<\/h3>\n\n\n\n<p class=\"eplus-wrapper\">Tha planaichean inntinneach againn airson na bliadhnaichean a tha air adhart. As d\u00e8idh soirbheachadh le iarrtas gu St\u00f2ras Fearainn na h-Alba, ceannaichidh a\u2019 choimhearsnachd an talamh mu thimcheall an ionad-tadhail agus an t-Seann Taigh-sgoile far am bheil Bill Lawson a\u2019 fuireach. Bidh taisbeanaidhean \u00f9ra ann agus cafaidh air a bheil deagh fheum.<\/p>\n<\/div>\n<\/div>\n\n\n\n<div class=\"wp-block-group eplus-wrapper has-tertiary-background-color has-background has-global-padding is-layout-constrained wp-container-core-group-is-layout-23b1a4dc wp-block-group-is-layout-constrained\" style=\"border-radius:0px;padding-top:var(--wp--preset--spacing--30);padding-right:var(--wp--preset--spacing--30);padding-bottom:var(--wp--preset--spacing--30);padding-left:var(--wp--preset--spacing--30)\">\n<h2 class=\"wp-block-heading eplus-wrapper\">Na Cl\u00e0ran Againn<\/h2>\n\n\n\n<div class=\"wp-block-group eplus-wrapper is-nowrap is-layout-flex wp-container-core-group-is-layout-6c531013 wp-block-group-is-layout-flex\">\n<div class=\"wp-block-group eplus-wrapper has-global-padding is-layout-constrained wp-block-group-is-layout-constrained\">\n<p class=\"eplus-wrapper\">Tha an rannsachadh, a tha air fad suidhichte ann an Ionad-tadhail Hebrides People agus anns an t-Seann Taigh-sgoile, st\u00e8idhichte air an d\u00e0-chuid cl\u00e0ran-sgr\u00ecobhte agus air beul-aithris.<\/p>\n\n\n\n<p class=\"eplus-wrapper\">Cha b\u2019 ann ach gu math truagh a bha cl\u00e0ran-sgr\u00ecobhte anns na h-Eileanan Siar ro 1855, agus mar sin cha ghabh fiach a chuir air cho feumail \u2018s a tha beil-aithris an tac ri fianais-sgr\u00ecobhte a tha neo-iomlan agus neo-chunbhalach. <\/p>\n\n\n\n<p class=\"eplus-wrapper\">Chruinnich Bill Lawson beul-aithris mu theaghlaichean nan Eilean Siar, a bha gu math l\u00e0idir suas chun an \u00f9ine bhig a dh\u2019fhalbh, thar c\u00f2rr is tr\u00ec-fichead bliadhna de rannsachadh. <a href=\"https:\/\/hebridespeople.com\/gd\/find-your-family\/genealogy-of-the-western-isles\/oral-tradition\/\" data-type=\"page\" data-id=\"13\">Barrachd fiosrachaidh<\/a>.<\/p>\n<\/div>\n<\/div>\n<\/div>\n\n\n\n<h2 class=\"wp-block-heading eplus-wrapper\" style=\"margin-top:var(--wp--preset--spacing--50)\">Ionnsaich tuilleadh<\/h2>\n\n\n\n<div class=\"wp-block-group eplus-wrapper has-background has-global-padding is-layout-constrained wp-container-core-group-is-layout-33f3c26c wp-block-group-is-layout-constrained\" style=\"border-radius:0px;background-color:#cdd1a569;padding-top:var(--wp--preset--spacing--30);padding-right:20px;padding-bottom:var(--wp--preset--spacing--30);padding-left:0px\">\n<div class=\"gb-grid-wrapper gb-grid-wrapper-55cc3e1a gb-query-loop-wrapper\">\n<div class=\"gb-grid-column gb-grid-column-b7528c7c gb-query-loop-item post-4149 page type-page status-publish has-post-thumbnail hentry\"><div class=\"gb-container gb-container-b7528c7c\" style=\"--background-image: url(https:\/\/hebridespeople.com\/wp-content\/uploads\/2023\/05\/thumbprint-lightgreen.png);\">\n<h4 class=\"gb-headline gb-headline-3c243578 resource-titles gb-headline-text\"><a href=\"https:\/\/hebridespeople.com\/gd\/find-your-family\/genealogy-of-the-western-isles\/\">Sloinntearachd nan Eilean Siar<\/a><\/h4>\n\n<div class=\"gb-headline gb-headline-d04447cb gb-headline-text\">Aon de na trioblaidean as motha a tha againn ann a bhith rannsachadh teaghlaichean anns na h-Eileanan Siar \u2019s e cho gann... <a class=\"gb-dynamic-read-more\" href=\"https:\/\/hebridespeople.com\/gd\/find-your-family\/genealogy-of-the-western-isles\/\" aria-label=\"More on Western Isles Genealogy\">Tuilleadh<\/a><\/div>\n<\/div><\/div>\n\n<div class=\"gb-grid-column gb-grid-column-b7528c7c gb-query-loop-item post-3237 page type-page status-publish has-post-thumbnail hentry\"><div class=\"gb-container gb-container-b7528c7c\" style=\"--background-image: url(https:\/\/hebridespeople.com\/wp-content\/uploads\/2023\/05\/thumbprint-lightgreen.png);\">\n<h4 class=\"gb-headline gb-headline-3c243578 resource-titles gb-headline-text\"><a href=\"https:\/\/hebridespeople.com\/gd\/about-hebrides-people\/bill-chris-lawson\/\">Bill Lawson BL, ASGRA, FSA(Scot)<\/a><\/h4>\n\n<div class=\"gb-headline gb-headline-d04447cb gb-headline-text\">Tha goireas sloinntearachd Hebrides People, \u2018C\u00f2 Leis Thu?\u2019, st\u00e8idhichte air c\u00f2rr is tr\u00ec-fichead bliadhna de rannsachadh a rinn Bill Lawson, aig a bheil s\u00e0r-e\u00f2las air sloinntearachd nan Eilean Siar. <a class=\"gb-dynamic-read-more\" href=\"https:\/\/hebridespeople.com\/gd\/about-hebrides-people\/bill-chris-lawson\/\" aria-label=\"More on Bill Lawson BL, ASGRA, FSA(Scot)\">Tuilleadh<\/a><\/div>\n<\/div><\/div>\n\n<div class=\"gb-grid-column gb-grid-column-b7528c7c gb-query-loop-item post-12 page type-page status-publish has-post-thumbnail hentry\"><div class=\"gb-container gb-container-b7528c7c\" style=\"--background-image: url(https:\/\/hebridespeople.com\/wp-content\/uploads\/2023\/05\/thumbprint-lightgreen.png);\">\n<h4 class=\"gb-headline gb-headline-3c243578 resource-titles gb-headline-text\"><a href=\"https:\/\/hebridespeople.com\/gd\/find-your-family\/genealogy-of-the-western-isles\/names\/\">A' Toirt \u00d2rdugh Air Ainmean<\/a><\/h4>\n\n<div class=\"gb-headline gb-headline-d04447cb gb-headline-text\">In using any written sources, it is essential to bear in mind that the people of the islands were overwhelmingly Gaelic speaking. These records were &#8230; <a class=\"gb-dynamic-read-more\" href=\"https:\/\/hebridespeople.com\/gd\/find-your-family\/genealogy-of-the-western-isles\/names\/\" aria-label=\"More on Name Standardisation\">Tuilleadh<\/a><\/div>\n<\/div><\/div>\n\n<div class=\"gb-grid-column gb-grid-column-b7528c7c gb-query-loop-item post-13 page type-page status-publish has-post-thumbnail hentry\"><div class=\"gb-container gb-container-b7528c7c\" style=\"--background-image: url(https:\/\/hebridespeople.com\/wp-content\/uploads\/2023\/05\/thumbprint-lightgreen.png);\">\n<h4 class=\"gb-headline gb-headline-3c243578 resource-titles gb-headline-text\"><a href=\"https:\/\/hebridespeople.com\/gd\/find-your-family\/genealogy-of-the-western-isles\/oral-tradition\/\">Beul-Aithris<\/a><\/h4>\n\n<div class=\"gb-headline gb-headline-d04447cb gb-headline-text\">Le beul-aithris tha fiosrachadh agad bho eachdraidh-teaghlaich, \u00f2rain, sgeulachdan, agus tha e cuideachd a\u2019 cumail lorg air c\u00e0irdeas... <a class=\"gb-dynamic-read-more\" href=\"https:\/\/hebridespeople.com\/gd\/find-your-family\/genealogy-of-the-western-isles\/oral-tradition\/\" aria-label=\"More on Oral Tradition\">Tuilleadh<\/a><\/div>\n<\/div><\/div>\n<\/div>\n<\/div>","protected":false},"excerpt":{"rendered":"<p>Hebrides People is a unique genealogy resource covering the Western Isles of Scotland. Hebrides People Visitor Centre tells the history of the people and landscapes of Harris and the Western Isles. The genealogy resource at Hebrides People, known as \u2018C\u00f2 Leis Thu?\u2019, is based on over 60 years of research by Bill Lawson, widely recognised [&hellip;]<\/p>\n","protected":false},"author":1,"featured_media":5433,"parent":0,"menu_order":0,"comment_status":"closed","ping_status":"closed","template":"","meta":{"_editorskit_title_hidden":false,"_editorskit_reading_time":0,"_editorskit_is_block_options_detached":false,"_editorskit_block_options_position":"{}","footnotes":""},"class_list":["post-3235","page","type-page","status-publish","has-post-thumbnail","hentry"],"yoast_head":"<!-- This site is optimized with the Yoast SEO plugin v27.4 - https:\/\/yoast.com\/product\/yoast-seo-wordpress\/ -->\n<title>About Hebrides People - C\u00f2 Leis Thu?<\/title>\n<meta name=\"description\" content=\"Our focus is on the genealogy of the Western Isles. Islanders trace their ancestry by asking &quot;C\u00f2 Leis Thu?&quot; From whom do you come?\" \/>\n<meta name=\"robots\" content=\"index, follow, max-snippet:-1, max-image-preview:large, max-video-preview:-1\" \/>\n<link rel=\"canonical\" href=\"https:\/\/hebridespeople.com\/gd\/about-hebrides-people\/\" \/>\n<meta property=\"og:locale\" content=\"en_US\" \/>\n<meta property=\"og:type\" content=\"article\" \/>\n<meta property=\"og:title\" content=\"About Hebrides People - C\u00f2 Leis Thu?\" \/>\n<meta property=\"og:description\" content=\"Our focus is on the genealogy of the Western Isles. Islanders trace their ancestry by asking &quot;C\u00f2 Leis Thu?&quot; From whom do you come?\" \/>\n<meta property=\"og:url\" content=\"https:\/\/hebridespeople.com\/gd\/about-hebrides-people\/\" \/>\n<meta property=\"og:site_name\" content=\"Hebrides People\" \/>\n<meta property=\"article:modified_time\" content=\"2025-09-09T11:17:44+00:00\" \/>\n<meta property=\"og:image\" content=\"https:\/\/hebridespeople.com\/wp-content\/uploads\/2023\/03\/Seallam49-1024x682-1.jpg\" \/>\n\t<meta property=\"og:image:width\" content=\"1024\" \/>\n\t<meta property=\"og:image:height\" content=\"682\" \/>\n\t<meta property=\"og:image:type\" content=\"image\/jpeg\" \/>\n<meta name=\"twitter:card\" content=\"summary_large_image\" \/>\n<meta name=\"twitter:label1\" content=\"Est. reading time\" \/>\n\t<meta name=\"twitter:data1\" content=\"3 minutes\" \/>\n<script type=\"application\/ld+json\" class=\"yoast-schema-graph\">{\"@context\":\"https:\\\/\\\/schema.org\",\"@graph\":[{\"@type\":\"WebPage\",\"@id\":\"https:\\\/\\\/hebridespeople.com\\\/about-hebrides-people\\\/\",\"url\":\"https:\\\/\\\/hebridespeople.com\\\/about-hebrides-people\\\/\",\"name\":\"About Hebrides People - C\u00f2 Leis Thu?\",\"isPartOf\":{\"@id\":\"https:\\\/\\\/hebridespeople.com\\\/#website\"},\"primaryImageOfPage\":{\"@id\":\"https:\\\/\\\/hebridespeople.com\\\/about-hebrides-people\\\/#primaryimage\"},\"image\":{\"@id\":\"https:\\\/\\\/hebridespeople.com\\\/about-hebrides-people\\\/#primaryimage\"},\"thumbnailUrl\":\"https:\\\/\\\/hebridespeople.com\\\/wp-content\\\/uploads\\\/2023\\\/03\\\/Seallam49-1024x682-1.jpg\",\"datePublished\":\"2023-03-06T10:16:33+00:00\",\"dateModified\":\"2025-09-09T11:17:44+00:00\",\"description\":\"Our focus is on the genealogy of the Western Isles. Islanders trace their ancestry by asking \\\"C\u00f2 Leis Thu?\\\" From whom do you come?\",\"breadcrumb\":{\"@id\":\"https:\\\/\\\/hebridespeople.com\\\/about-hebrides-people\\\/#breadcrumb\"},\"inLanguage\":\"gd\",\"potentialAction\":[{\"@type\":\"ReadAction\",\"target\":[\"https:\\\/\\\/hebridespeople.com\\\/about-hebrides-people\\\/\"]}]},{\"@type\":\"ImageObject\",\"inLanguage\":\"gd\",\"@id\":\"https:\\\/\\\/hebridespeople.com\\\/about-hebrides-people\\\/#primaryimage\",\"url\":\"https:\\\/\\\/hebridespeople.com\\\/wp-content\\\/uploads\\\/2023\\\/03\\\/Seallam49-1024x682-1.jpg\",\"contentUrl\":\"https:\\\/\\\/hebridespeople.com\\\/wp-content\\\/uploads\\\/2023\\\/03\\\/Seallam49-1024x682-1.jpg\",\"width\":1024,\"height\":682},{\"@type\":\"BreadcrumbList\",\"@id\":\"https:\\\/\\\/hebridespeople.com\\\/about-hebrides-people\\\/#breadcrumb\",\"itemListElement\":[{\"@type\":\"ListItem\",\"position\":1,\"name\":\"Home\",\"item\":\"https:\\\/\\\/hebridespeople.com\\\/\"},{\"@type\":\"ListItem\",\"position\":2,\"name\":\"About Hebrides People\"}]},{\"@type\":\"WebSite\",\"@id\":\"https:\\\/\\\/hebridespeople.com\\\/#website\",\"url\":\"https:\\\/\\\/hebridespeople.com\\\/\",\"name\":\"Hebrides People\",\"description\":\"Discover your Hebridean roots\",\"potentialAction\":[{\"@type\":\"SearchAction\",\"target\":{\"@type\":\"EntryPoint\",\"urlTemplate\":\"https:\\\/\\\/hebridespeople.com\\\/?s={search_term_string}\"},\"query-input\":{\"@type\":\"PropertyValueSpecification\",\"valueRequired\":true,\"valueName\":\"search_term_string\"}}],\"inLanguage\":\"gd\"}]}<\/script>\n<!-- \/ Yoast SEO plugin. -->","yoast_head_json":{"title":"About Hebrides People - C\u00f2 Leis Thu?","description":"Our focus is on the genealogy of the Western Isles. Islanders trace their ancestry by asking \"C\u00f2 Leis Thu?\" From whom do you come?","robots":{"index":"index","follow":"follow","max-snippet":"max-snippet:-1","max-image-preview":"max-image-preview:large","max-video-preview":"max-video-preview:-1"},"canonical":"https:\/\/hebridespeople.com\/gd\/about-hebrides-people\/","og_locale":"en_US","og_type":"article","og_title":"About Hebrides People - C\u00f2 Leis Thu?","og_description":"Our focus is on the genealogy of the Western Isles. Islanders trace their ancestry by asking \"C\u00f2 Leis Thu?\" From whom do you come?","og_url":"https:\/\/hebridespeople.com\/gd\/about-hebrides-people\/","og_site_name":"Hebrides People","article_modified_time":"2025-09-09T11:17:44+00:00","og_image":[{"width":1024,"height":682,"url":"https:\/\/hebridespeople.com\/wp-content\/uploads\/2023\/03\/Seallam49-1024x682-1.jpg","type":"image\/jpeg"}],"twitter_card":"summary_large_image","twitter_misc":{"Est. reading time":"3 minutes"},"schema":{"@context":"https:\/\/schema.org","@graph":[{"@type":"WebPage","@id":"https:\/\/hebridespeople.com\/about-hebrides-people\/","url":"https:\/\/hebridespeople.com\/about-hebrides-people\/","name":"About Hebrides People - C\u00f2 Leis Thu?","isPartOf":{"@id":"https:\/\/hebridespeople.com\/#website"},"primaryImageOfPage":{"@id":"https:\/\/hebridespeople.com\/about-hebrides-people\/#primaryimage"},"image":{"@id":"https:\/\/hebridespeople.com\/about-hebrides-people\/#primaryimage"},"thumbnailUrl":"https:\/\/hebridespeople.com\/wp-content\/uploads\/2023\/03\/Seallam49-1024x682-1.jpg","datePublished":"2023-03-06T10:16:33+00:00","dateModified":"2025-09-09T11:17:44+00:00","description":"Our focus is on the genealogy of the Western Isles. Islanders trace their ancestry by asking \"C\u00f2 Leis Thu?\" From whom do you come?","breadcrumb":{"@id":"https:\/\/hebridespeople.com\/about-hebrides-people\/#breadcrumb"},"inLanguage":"gd","potentialAction":[{"@type":"ReadAction","target":["https:\/\/hebridespeople.com\/about-hebrides-people\/"]}]},{"@type":"ImageObject","inLanguage":"gd","@id":"https:\/\/hebridespeople.com\/about-hebrides-people\/#primaryimage","url":"https:\/\/hebridespeople.com\/wp-content\/uploads\/2023\/03\/Seallam49-1024x682-1.jpg","contentUrl":"https:\/\/hebridespeople.com\/wp-content\/uploads\/2023\/03\/Seallam49-1024x682-1.jpg","width":1024,"height":682},{"@type":"BreadcrumbList","@id":"https:\/\/hebridespeople.com\/about-hebrides-people\/#breadcrumb","itemListElement":[{"@type":"ListItem","position":1,"name":"Home","item":"https:\/\/hebridespeople.com\/"},{"@type":"ListItem","position":2,"name":"About Hebrides People"}]},{"@type":"WebSite","@id":"https:\/\/hebridespeople.com\/#website","url":"https:\/\/hebridespeople.com\/","name":"Hebrides People","description":"Discover your Hebridean roots","potentialAction":[{"@type":"SearchAction","target":{"@type":"EntryPoint","urlTemplate":"https:\/\/hebridespeople.com\/?s={search_term_string}"},"query-input":{"@type":"PropertyValueSpecification","valueRequired":true,"valueName":"search_term_string"}}],"inLanguage":"gd"}]}},"_links":{"self":[{"href":"https:\/\/hebridespeople.com\/gd\/wp-json\/wp\/v2\/pages\/3235","targetHints":{"allow":["GET"]}}],"collection":[{"href":"https:\/\/hebridespeople.com\/gd\/wp-json\/wp\/v2\/pages"}],"about":[{"href":"https:\/\/hebridespeople.com\/gd\/wp-json\/wp\/v2\/types\/page"}],"author":[{"embeddable":true,"href":"https:\/\/hebridespeople.com\/gd\/wp-json\/wp\/v2\/users\/1"}],"replies":[{"embeddable":true,"href":"https:\/\/hebridespeople.com\/gd\/wp-json\/wp\/v2\/comments?post=3235"}],"version-history":[{"count":60,"href":"https:\/\/hebridespeople.com\/gd\/wp-json\/wp\/v2\/pages\/3235\/revisions"}],"predecessor-version":[{"id":15147,"href":"https:\/\/hebridespeople.com\/gd\/wp-json\/wp\/v2\/pages\/3235\/revisions\/15147"}],"wp:featuredmedia":[{"embeddable":true,"href":"https:\/\/hebridespeople.com\/gd\/wp-json\/wp\/v2\/media\/5433"}],"wp:attachment":[{"href":"https:\/\/hebridespeople.com\/gd\/wp-json\/wp\/v2\/media?parent=3235"}],"curies":[{"name":"wp","href":"https:\/\/api.w.org\/{rel}","templated":true}]}}